{"id":110,"date":"2020-11-09T22:01:50","date_gmt":"2020-11-09T21:01:50","guid":{"rendered":"https:\/\/www.nikowoehlk.de\/?page_id=110"},"modified":"2021-03-30T09:16:00","modified_gmt":"2021-03-30T07:16:00","slug":"kuenstlerische-entwicklung","status":"publish","type":"page","link":"https:\/\/www.nikowoehlk.dk\/de\/kuenstlerische-entwicklung\/","title":{"rendered":"K\u00fcnstlerische Entwicklung"},"content":{"rendered":"\n<div class=\"wp-block-columns is-layout-flex wp-container-core-columns-is-layout-9d6595d7 wp-block-columns-is-layout-flex\">\n<div class=\"wp-block-column is-layout-flow wp-block-column-is-layout-flow\">\n<div class=\"wp-block-image\"><figure class=\"aligncenter size-large is-resized\"><img loading=\"lazy\" decoding=\"async\" src=\"https:\/\/www.nikowoehlk.dk\/wp-content\/uploads\/2020\/11\/blumenpflueckendesmaedchen-899x1024.png\" alt=\"Blumenpfl\u00fcckendes M\u00e4dchen, 1911, Tempera auf Karton, 37 x 33,5 cm, bez. u. r.: NW 11, Privatbesitz\" class=\"wp-image-29\" width=\"450\" height=\"512\" srcset=\"https:\/\/www.nikowoehlk.dk\/wp-content\/uploads\/2020\/11\/blumenpflueckendesmaedchen-899x1024.png 899w, https:\/\/www.nikowoehlk.dk\/wp-content\/uploads\/2020\/11\/blumenpflueckendesmaedchen-263x300.png 263w, https:\/\/www.nikowoehlk.dk\/wp-content\/uploads\/2020\/11\/blumenpflueckendesmaedchen-768x874.png 768w, https:\/\/www.nikowoehlk.dk\/wp-content\/uploads\/2020\/11\/blumenpflueckendesmaedchen-1349x1536.png 1349w, https:\/\/www.nikowoehlk.dk\/wp-content\/uploads\/2020\/11\/blumenpflueckendesmaedchen-53x60.png 53w, https:\/\/www.nikowoehlk.dk\/wp-content\/uploads\/2020\/11\/blumenpflueckendesmaedchen.png 1631w\" sizes=\"auto, (max-width: 450px) 100vw, 450px\" \/><figcaption><em>Blumenpfl\u00fcckendes M\u00e4dchen, 1911<\/em><br>Tempera auf Karton, 37 x 33,5 cm, Privatbesitz<\/figcaption><\/figure><\/div>\n<\/div>\n\n\n\n<div class=\"wp-block-column is-layout-flow wp-block-column-is-layout-flow\">\n<p class=\"has-drop-cap block has-medium-font-size\">In diesem fr\u00fchen Gem\u00e4lde legte der 24-j\u00e4hrige Maler den Fokus auf die atmosph\u00e4rische Stimmung im lichten Wald. Die Gr\u00fcn-, Braun-, Ocker- und Blaut\u00f6ne wurden in postimpressionistischer Manier mit unregelm\u00e4\u00dfigen Pinselstrichen und \u2013tupfern aufgetragen. Das M\u00e4dchen ist als Staffagefigur eingef\u00fcgt und ebenso summarisch behandelt wie die B\u00e4ume und der Bodenbewuchs. Das Augenmerk liegt auf den hellen Lichtflecken, die das Sonnenlicht auf den Waldboden wirft.<\/p>\n<\/div>\n<\/div>\n\n\n\n<div class=\"wp-block-columns is-layout-flex wp-container-core-columns-is-layout-9d6595d7 wp-block-columns-is-layout-flex\">\n<div class=\"wp-block-column is-layout-flow wp-block-column-is-layout-flow\">\n<div class=\"wp-block-image\"><figure class=\"aligncenter size-large is-resized\"><img loading=\"lazy\" decoding=\"async\" src=\"https:\/\/www.nikowoehlk.dk\/wp-content\/uploads\/2020\/11\/huetteimwald.png\" alt=\"H\u00fctte im Wald, 1916, Aquarell auf Papier, 34,5 x 32,3 cm (Passepartout-Ausschnitt), bez. u. m.: N. W\u00f6hlk 16, Privatbesitz\" class=\"wp-image-34\" width=\"478\" height=\"512\" srcset=\"https:\/\/www.nikowoehlk.dk\/wp-content\/uploads\/2020\/11\/huetteimwald.png 956w, https:\/\/www.nikowoehlk.dk\/wp-content\/uploads\/2020\/11\/huetteimwald-280x300.png 280w, https:\/\/www.nikowoehlk.dk\/wp-content\/uploads\/2020\/11\/huetteimwald-768x823.png 768w, https:\/\/www.nikowoehlk.dk\/wp-content\/uploads\/2020\/11\/huetteimwald-56x60.png 56w\" sizes=\"auto, (max-width: 478px) 100vw, 478px\" \/><figcaption><em>Kate im Wald, 1916<\/em><br>Aquarell auf Papier, 34,5 x 32,3 cm (Passepartout-Ausschnitt), Privatbesitz<\/figcaption><\/figure><\/div>\n<\/div>\n\n\n\n<div class=\"wp-block-column is-layout-flow wp-block-column-is-layout-flow\">\n<p class=\"has-drop-cap block has-medium-font-size\">Die Motive sind fl\u00e4chig zusammengefasst und teilweise mit wenigen Linien akzentuiert. Den Pinsel f\u00fchrte Niko W\u00f6hlk in diesem Aquarell nicht tupfend oder strichelnd, sondern in gro\u00dfz\u00fcgigen, breiten Strichen \u00fcber das Papier. Die Farben sind im Wesentlichen auf den Kontrast zwischen Gr\u00fcnt\u00f6nen und Orange-Gelbt\u00f6nen reduziert. Im Zentrum des Bildes steht eine H\u00fctte, auf deren Dach sich das Schattenspiel der umstehenden B\u00e4ume zeigt.<\/p>\n<\/div>\n<\/div>\n\n\n\n<div class=\"wp-block-columns is-layout-flex wp-container-core-columns-is-layout-9d6595d7 wp-block-columns-is-layout-flex\">\n<div class=\"wp-block-column is-layout-flow wp-block-column-is-layout-flow\">\n<div class=\"wp-block-image\"><figure class=\"aligncenter size-large is-resized\"><img loading=\"lazy\" decoding=\"async\" src=\"https:\/\/www.nikowoehlk.dk\/wp-content\/uploads\/2020\/11\/blumenstilllebenmitfruechten-910x1024.png\" alt=\"Blumenstillleben mit Fr\u00fcchten, 1917, \u00d6l auf Karton, 54 x 49 cm, bez. u. l.: nw 17, Privatbesitz\" class=\"wp-image-30\" width=\"455\" height=\"512\" srcset=\"https:\/\/www.nikowoehlk.dk\/wp-content\/uploads\/2020\/11\/blumenstilllebenmitfruechten-910x1024.png 910w, https:\/\/www.nikowoehlk.dk\/wp-content\/uploads\/2020\/11\/blumenstilllebenmitfruechten-266x300.png 266w, https:\/\/www.nikowoehlk.dk\/wp-content\/uploads\/2020\/11\/blumenstilllebenmitfruechten-768x865.png 768w, https:\/\/www.nikowoehlk.dk\/wp-content\/uploads\/2020\/11\/blumenstilllebenmitfruechten-1364x1536.png 1364w, https:\/\/www.nikowoehlk.dk\/wp-content\/uploads\/2020\/11\/blumenstilllebenmitfruechten-53x60.png 53w, https:\/\/www.nikowoehlk.dk\/wp-content\/uploads\/2020\/11\/blumenstilllebenmitfruechten.png 1772w\" sizes=\"auto, (max-width: 455px) 100vw, 455px\" \/><figcaption><em>Blumenstillleben mit Fr\u00fcchten, 1917<\/em><br>\u00d6l auf Karton, 54 x 49 cm, Privatbesitz<\/figcaption><\/figure><\/div>\n\n\n\n<p class=\"has-drop-cap block has-medium-font-size\">Das hellfarbige Stillleben setzt sich gegen einen dunklen, diffusen Hintergrund ab. Das helle Tischtuch scheint im Raum zu schweben. Das Motiv wirkt nebens\u00e4chlich gegen\u00fcber dem auf der Leinwand mit breiten, kurzen Strichen erzeugten Zusammenspiel der Kontrastfarben. Harmonisch reflektieren die getupften Kontur- und Schattenlinien der hellen gelb-roten Fr\u00fcchte die gr\u00fcn-blaue Farbstimmung des Hintergrundes.<\/p>\n<\/div>\n\n\n\n<div class=\"wp-block-column is-layout-flow wp-block-column-is-layout-flow\">\n<div class=\"wp-block-image\"><figure class=\"aligncenter size-large is-resized\"><img loading=\"lazy\" decoding=\"async\" src=\"https:\/\/www.nikowoehlk.dk\/wp-content\/uploads\/2020\/11\/stilllebenmitlangblaettrigerpflanze.png\" alt=\"Stillleben mit langbl\u00e4ttriger Pflanze, 1920, \u00d6l auf Leinwand, 70,5 x 60,7 cm, bez. r. o.: nw 20, Privatbesitz\" class=\"wp-image-47\" width=\"441\" height=\"512\" srcset=\"https:\/\/www.nikowoehlk.dk\/wp-content\/uploads\/2020\/11\/stilllebenmitlangblaettrigerpflanze.png 882w, https:\/\/www.nikowoehlk.dk\/wp-content\/uploads\/2020\/11\/stilllebenmitlangblaettrigerpflanze-258x300.png 258w, https:\/\/www.nikowoehlk.dk\/wp-content\/uploads\/2020\/11\/stilllebenmitlangblaettrigerpflanze-768x892.png 768w, https:\/\/www.nikowoehlk.dk\/wp-content\/uploads\/2020\/11\/stilllebenmitlangblaettrigerpflanze-52x60.png 52w\" sizes=\"auto, (max-width: 441px) 100vw, 441px\" \/><figcaption><em>Stillleben mit langbl\u00e4ttriger Pflanze, 1920<\/em><br>\u00d6l auf Leinwand, 70,5 x 60,7 cm, Privatbesitz<\/figcaption><\/figure><\/div>\n\n\n\n<p class=\"has-drop-cap block has-medium-font-size\">\u00c4hnlich wie das drei Jahre fr\u00fcher entstandene Blumenstillleben mit Fr\u00fcchten ist auch dieses Stillleben vor einen weitgehend undefinierten dunklen Hintergrund gesetzt. Die Farben sind jedoch mit unterschiedlichen Pinselstrichen aufgetragen \u2013 h\u00e4ufig in l\u00e4ngeren Bahnen und nur selten getupft. Die Farbwahl fokussiert auf den expressiven Kontrast zwischen Gr\u00fcn und Orange-Rot.<\/p>\n<\/div>\n<\/div>\n\n\n\n<div class=\"wp-block-columns is-layout-flex wp-container-core-columns-is-layout-9d6595d7 wp-block-columns-is-layout-flex\">\n<div class=\"wp-block-column is-layout-flow wp-block-column-is-layout-flow\">\n<div class=\"wp-block-image\"><figure class=\"aligncenter size-large is-resized\"><img loading=\"lazy\" decoding=\"async\" src=\"https:\/\/www.nikowoehlk.dk\/wp-content\/uploads\/2020\/11\/indischesboot-1024x773.png\" alt=\"Indisches Boot, 1923, Aquarell auf Papier, 31,3 x 41,7 cm (Passepartout-Ausschnitt), bez. u. l.: nw 23, Privatbesitz\" class=\"wp-image-35\" width=\"512\" height=\"387\" srcset=\"https:\/\/www.nikowoehlk.dk\/wp-content\/uploads\/2020\/11\/indischesboot-1024x773.png 1024w, https:\/\/www.nikowoehlk.dk\/wp-content\/uploads\/2020\/11\/indischesboot-300x227.png 300w, https:\/\/www.nikowoehlk.dk\/wp-content\/uploads\/2020\/11\/indischesboot-768x580.png 768w, https:\/\/www.nikowoehlk.dk\/wp-content\/uploads\/2020\/11\/indischesboot-1536x1160.png 1536w, https:\/\/www.nikowoehlk.dk\/wp-content\/uploads\/2020\/11\/indischesboot-2048x1547.png 2048w, https:\/\/www.nikowoehlk.dk\/wp-content\/uploads\/2020\/11\/indischesboot-79x60.png 79w\" sizes=\"auto, (max-width: 512px) 100vw, 512px\" \/><figcaption><em>Indisches Boot, 1923<\/em><br>Aquarell auf Papier, 31,3 x 41,7 cm (Passepartout-Ausschnitt), Privatbesitz<\/figcaption><\/figure><\/div>\n\n\n\n<p><\/p>\n<\/div>\n\n\n\n<div class=\"wp-block-column is-layout-flow wp-block-column-is-layout-flow\">\n<p class=\"has-drop-cap block has-medium-font-size\">Fast monochrome, nur durch die Dichte der Farben leicht changierende T\u00f6ne bestimmen dieses gro\u00dffl\u00e4chig angelegte Aquarell. Dunkle, breite, nachtr\u00e4glich gesetzte Konturlinien heben das Motiv vom hellen Papier ab. Das Bild ist ganz auf die expressive Farbwirkung der gro\u00dfen rot-gelben Fl\u00e4che, die das Boot formt, gegen\u00fcber dem hellen, mit wenigen blauen Strichen angedeuteten See-Hintergrund hin komponiert.<\/p>\n<\/div>\n<\/div>\n\n\n\n<div class=\"wp-block-columns is-layout-flex wp-container-core-columns-is-layout-9d6595d7 wp-block-columns-is-layout-flex\">\n<div class=\"wp-block-column is-layout-flow wp-block-column-is-layout-flow\">\n<p class=\"has-drop-cap block has-medium-font-size\">Das ungest\u00fcme Wachstum der Pflanzen ist das Thema dieses Gem\u00e4ldes. Die hellen Bl\u00fcten wuchern dynamisch in der Schr\u00e4ge nach oben links aus dem Bildausschnitt hinaus; die dunklen Bl\u00e4tter der Pflanzen zeigen schr\u00e4g nach oben rechts. Die breiten Pinselstriche, die verschiedene Rott\u00f6ne bzw. Gr\u00fcnt\u00f6ne mischen, vollziehen die Rundungen der Bl\u00fcten nach und deuten deren Volumen an. Vor dem undefinierten dunkelblauen Hintergrund w\u00e4chst in einer breiten Schr\u00e4ge ein wildes Blumenmeer.<\/p>\n<\/div>\n\n\n\n<div class=\"wp-block-column is-layout-flow wp-block-column-is-layout-flow\">\n<div class=\"wp-block-image\"><figure class=\"aligncenter size-large is-resized\"><img loading=\"lazy\" decoding=\"async\" src=\"https:\/\/www.nikowoehlk.dk\/wp-content\/uploads\/2020\/11\/lilien-900x1024.png\" alt=\"Lilien, 1929, Mischtechnik auf Leinwand, 66 x 60,5 cm, bez. u. r.: TW 29, Privatbesitz\" class=\"wp-image-40\" width=\"450\" height=\"512\" srcset=\"https:\/\/www.nikowoehlk.dk\/wp-content\/uploads\/2020\/11\/lilien-900x1024.png 900w, https:\/\/www.nikowoehlk.dk\/wp-content\/uploads\/2020\/11\/lilien-264x300.png 264w, https:\/\/www.nikowoehlk.dk\/wp-content\/uploads\/2020\/11\/lilien-768x874.png 768w, https:\/\/www.nikowoehlk.dk\/wp-content\/uploads\/2020\/11\/lilien-1349x1536.png 1349w, https:\/\/www.nikowoehlk.dk\/wp-content\/uploads\/2020\/11\/lilien-53x60.png 53w, https:\/\/www.nikowoehlk.dk\/wp-content\/uploads\/2020\/11\/lilien.png 1772w\" sizes=\"auto, (max-width: 450px) 100vw, 450px\" \/><figcaption><em>Lilien, 1929<\/em><br>Mischtechnik auf Leinwand, 66 x 60,5 cm, Privatbesitz<\/figcaption><\/figure><\/div>\n\n\n\n<p><\/p>\n<\/div>\n<\/div>\n\n\n\n<div class=\"wp-block-columns is-layout-flex wp-container-core-columns-is-layout-9d6595d7 wp-block-columns-is-layout-flex\">\n<div class=\"wp-block-column is-layout-flow wp-block-column-is-layout-flow\">\n<div class=\"wp-block-image\"><figure class=\"aligncenter size-large is-resized\"><img loading=\"lazy\" decoding=\"async\" src=\"https:\/\/www.nikowoehlk.dk\/wp-content\/uploads\/2020\/11\/eimitblumenmuster-769x1024.png\" alt=\"Ei mit Blumenmuster, undatiert, Tempera auf H\u00fchnerei, 6 (H) x 4,5 (B) cm, unbez., zugeschrieben, Privatbesitz\" class=\"wp-image-31\" width=\"385\" height=\"512\" srcset=\"https:\/\/www.nikowoehlk.dk\/wp-content\/uploads\/2020\/11\/eimitblumenmuster-769x1024.png 769w, https:\/\/www.nikowoehlk.dk\/wp-content\/uploads\/2020\/11\/eimitblumenmuster-225x300.png 225w, https:\/\/www.nikowoehlk.dk\/wp-content\/uploads\/2020\/11\/eimitblumenmuster-768x1023.png 768w, https:\/\/www.nikowoehlk.dk\/wp-content\/uploads\/2020\/11\/eimitblumenmuster-1153x1536.png 1153w, https:\/\/www.nikowoehlk.dk\/wp-content\/uploads\/2020\/11\/eimitblumenmuster-45x60.png 45w, https:\/\/www.nikowoehlk.dk\/wp-content\/uploads\/2020\/11\/eimitblumenmuster.png 1535w\" sizes=\"auto, (max-width: 385px) 100vw, 385px\" \/><figcaption><em>Ei mit Blumenmuster, undatiert<\/em><br>Tempera auf H\u00fchnerei, 6 (H) x 4,5 (B) cm, Privatbesitz<\/figcaption><\/figure><\/div>\n\n\n\n<p class=\"has-drop-cap block has-medium-font-size\">Nicht bezeichnet und undatiert, aber vielfach von Zeitzeugen \u00fcberliefert, schuf Niko W\u00f6hlk fein gearbeitete Ostereier \u2013 wohl h\u00e4ufig gemeinsam mit seiner Wandervogelgruppe. Meist wurden die Eier \u2013 wie dieses \u2013 zun\u00e4chst einfarbig bemalt. F\u00fcr das Motiv \u2013 Blumen, Muster und Tiere \u2013 kratzte der K\u00fcnstler die Farbe wieder ab. Gelegentlich setzte er anschlie\u00dfend mit anderen Farben kleine Akzente, hier in Hellblau und Rot.<\/p>\n<\/div>\n\n\n\n<div class=\"wp-block-column is-layout-flow wp-block-column-is-layout-flow\">\n<div class=\"wp-block-image\"><figure class=\"aligncenter size-large is-resized\"><img loading=\"lazy\" decoding=\"async\" src=\"https:\/\/www.nikowoehlk.dk\/wp-content\/uploads\/2020\/11\/kerzenstaenderinderformeinesmannesmithund-692x1024.png\" alt=\"Kerzenst\u00e4nder in der Form eines Mannes mit Hund, undatiert, Holz, 12,5 (H) x 5,7 (B) x 4,3 (T) cm, unbez., zugeschrieben, Privatbesitz\" class=\"wp-image-37\" width=\"346\" height=\"512\" srcset=\"https:\/\/www.nikowoehlk.dk\/wp-content\/uploads\/2020\/11\/kerzenstaenderinderformeinesmannesmithund-692x1024.png 692w, https:\/\/www.nikowoehlk.dk\/wp-content\/uploads\/2020\/11\/kerzenstaenderinderformeinesmannesmithund-203x300.png 203w, https:\/\/www.nikowoehlk.dk\/wp-content\/uploads\/2020\/11\/kerzenstaenderinderformeinesmannesmithund-768x1137.png 768w, https:\/\/www.nikowoehlk.dk\/wp-content\/uploads\/2020\/11\/kerzenstaenderinderformeinesmannesmithund-1038x1536.png 1038w, https:\/\/www.nikowoehlk.dk\/wp-content\/uploads\/2020\/11\/kerzenstaenderinderformeinesmannesmithund-1384x2048.png 1384w, https:\/\/www.nikowoehlk.dk\/wp-content\/uploads\/2020\/11\/kerzenstaenderinderformeinesmannesmithund-41x60.png 41w, https:\/\/www.nikowoehlk.dk\/wp-content\/uploads\/2020\/11\/kerzenstaenderinderformeinesmannesmithund.png 1535w\" sizes=\"auto, (max-width: 346px) 100vw, 346px\" \/><figcaption><em>Kerzenst\u00e4nder in der Form eines Mannes mit Hund, undatiert<\/em><br>Holz, 12,5 (H) x 5,7 (B) x 4,3 (T) cm, Privatbesitz<\/figcaption><\/figure><\/div>\n\n\n\n<p class=\"has-drop-cap block has-medium-font-size\">Schnitzarbeiten wurden laut \u00dcberlieferung vor allem an Winterabenden gemeinsam im Kreis der Wanderv\u00f6gel angefertigt. Dieser Kerzenst\u00e4nder soll von Niko W\u00f6hlk stammen. Ein summarisch erfasster Mann tr\u00e4gt einen Hund auf dem Arm. Sein Hut bildet den Untersatz f\u00fcr eine Kerze. Der K\u00fcnstler hatte selbst einen Hund \u2013 es k\u00f6nnte sich um eine humoristische Selbstdarstellung handeln.<\/p>\n<\/div>\n<\/div>\n\n\n\n<div class=\"wp-block-columns is-layout-flex wp-container-core-columns-is-layout-9d6595d7 wp-block-columns-is-layout-flex\">\n<div class=\"wp-block-column is-layout-flow wp-block-column-is-layout-flow\">\n<p class=\"has-drop-cap block has-medium-font-size\">Weitere kunsthandwerkliche Arbeiten stammen laut \u00dcberlieferung von Niko W\u00f6hlk, so auch diese Kerzenst\u00e4nder. Die einfachen Formen wurden aus Kupfer ges\u00e4gt, gefeilt, poliert und zusammengel\u00f6tet. Vermutlich mit einem Nagel h\u00e4mmerte der K\u00fcnstler ein Lochmuster in das Metall.<\/p>\n<\/div>\n\n\n\n<div class=\"wp-block-column is-layout-flow wp-block-column-is-layout-flow\">\n<div class=\"wp-block-image\"><figure class=\"aligncenter size-large is-resized\"><img loading=\"lazy\" decoding=\"async\" src=\"https:\/\/www.nikowoehlk.dk\/wp-content\/uploads\/2020\/11\/kerzenstaenderset-1024x821.png\" alt=\"\" class=\"wp-image-39\" width=\"512\" height=\"411\" srcset=\"https:\/\/www.nikowoehlk.dk\/wp-content\/uploads\/2020\/11\/kerzenstaenderset-1024x821.png 1024w, https:\/\/www.nikowoehlk.dk\/wp-content\/uploads\/2020\/11\/kerzenstaenderset-300x241.png 300w, https:\/\/www.nikowoehlk.dk\/wp-content\/uploads\/2020\/11\/kerzenstaenderset-768x616.png 768w, https:\/\/www.nikowoehlk.dk\/wp-content\/uploads\/2020\/11\/kerzenstaenderset-1536x1231.png 1536w, https:\/\/www.nikowoehlk.dk\/wp-content\/uploads\/2020\/11\/kerzenstaenderset-2048x1642.png 2048w, https:\/\/www.nikowoehlk.dk\/wp-content\/uploads\/2020\/11\/kerzenstaenderset-75x60.png 75w\" sizes=\"auto, (max-width: 512px) 100vw, 512px\" \/><figcaption><em>Set aus Kerzenst\u00e4ndern, undatiert<\/em><br>Kupfer, Blumen: 7 (H) x 7,3 (B) cm, Privatbesitz<\/figcaption><\/figure><\/div>\n\n\n\n<p><\/p>\n<\/div>\n<\/div>\n\n\n\n<div class=\"wp-block-columns is-layout-flex wp-container-core-columns-is-layout-9d6595d7 wp-block-columns-is-layout-flex\">\n<div class=\"wp-block-column is-layout-flow wp-block-column-is-layout-flow\">\n<div class=\"wp-block-image\"><figure class=\"aligncenter size-large is-resized\"><img loading=\"lazy\" decoding=\"async\" src=\"https:\/\/www.nikowoehlk.dk\/wp-content\/uploads\/2020\/11\/mohnundlupinen-865x1024.png\" alt=\"Mohn und Lupinen, 1931, \u00d6l auf Leinwand, 85 x 75 cm, bez. u. r.: nw 31, Privatbesitz\" class=\"wp-image-41\" width=\"433\" height=\"512\" srcset=\"https:\/\/www.nikowoehlk.dk\/wp-content\/uploads\/2020\/11\/mohnundlupinen-865x1024.png 865w, https:\/\/www.nikowoehlk.dk\/wp-content\/uploads\/2020\/11\/mohnundlupinen-253x300.png 253w, https:\/\/www.nikowoehlk.dk\/wp-content\/uploads\/2020\/11\/mohnundlupinen-768x909.png 768w, https:\/\/www.nikowoehlk.dk\/wp-content\/uploads\/2020\/11\/mohnundlupinen-1297x1536.png 1297w, https:\/\/www.nikowoehlk.dk\/wp-content\/uploads\/2020\/11\/mohnundlupinen-1730x2048.png 1730w, https:\/\/www.nikowoehlk.dk\/wp-content\/uploads\/2020\/11\/mohnundlupinen-51x60.png 51w, https:\/\/www.nikowoehlk.dk\/wp-content\/uploads\/2020\/11\/mohnundlupinen.png 1772w\" sizes=\"auto, (max-width: 433px) 100vw, 433px\" \/><figcaption><em>Mohn und Lupinen, 1931<\/em><br>\u00d6l auf Leinwand, 85 x 75 cm, Privatbesitz<\/figcaption><\/figure><\/div>\n\n\n\n<p><\/p>\n<\/div>\n\n\n\n<div class=\"wp-block-column is-layout-flow wp-block-column-is-layout-flow\">\n<p class=\"has-drop-cap block has-medium-font-size\">In diesem Blumenbild wurde \u2013 \u00e4hnlich dem Gem\u00e4lde von den Lilien zwei Jahre zuvor \u2013 das Wachsen der Pflanzen zum Thema gemacht. Die Bl\u00fcten wurden jedoch nun etwas detaillierter erfasst, der Pinselstrich war etwas weniger ungest\u00fcm. Ein landschaftlicher Hintergrund wurde angedeutet. Das Bild wirkt somit st\u00e4rker durchgearbeitet. Aufgrund der kleinteiligeren Fl\u00e4chen und gr\u00f6\u00dferen Palette sind die Farbkontraste abgemildert. Der Bildaufbau mit seiner klaren Betonung der Senkrechte mittels der aufstrebend wachsenden Lupine hat sich vergleichsweise beruhigt.<\/p>\n<\/div>\n<\/div>\n\n\n\n<div class=\"wp-block-columns is-layout-flex wp-container-core-columns-is-layout-9d6595d7 wp-block-columns-is-layout-flex\">\n<div class=\"wp-block-column is-layout-flow wp-block-column-is-layout-flow\">\n<div class=\"wp-block-image\"><figure class=\"aligncenter size-large is-resized\"><img loading=\"lazy\" decoding=\"async\" src=\"https:\/\/www.nikowoehlk.dk\/wp-content\/uploads\/2020\/11\/weihnachtsgruss-832x1024.png\" alt=\"Weihnachtsgru\u00df (Weihnachtsmann mit Hase), 1932, Aquarell u. Kohle auf Papier, 11,8 x 8,9 cm, bez. u. m.: Frohe Weihnacht \/ 1932 \/ und \/ Segen \/ in 1933 \/ Niko W\u00f6hlk, Privatbesitz\" class=\"wp-image-51\" width=\"416\" height=\"512\" srcset=\"https:\/\/www.nikowoehlk.dk\/wp-content\/uploads\/2020\/11\/weihnachtsgruss-832x1024.png 832w, https:\/\/www.nikowoehlk.dk\/wp-content\/uploads\/2020\/11\/weihnachtsgruss-244x300.png 244w, https:\/\/www.nikowoehlk.dk\/wp-content\/uploads\/2020\/11\/weihnachtsgruss-768x946.png 768w, https:\/\/www.nikowoehlk.dk\/wp-content\/uploads\/2020\/11\/weihnachtsgruss-1247x1536.png 1247w, https:\/\/www.nikowoehlk.dk\/wp-content\/uploads\/2020\/11\/weihnachtsgruss-1663x2048.png 1663w, https:\/\/www.nikowoehlk.dk\/wp-content\/uploads\/2020\/11\/weihnachtsgruss-49x60.png 49w, https:\/\/www.nikowoehlk.dk\/wp-content\/uploads\/2020\/11\/weihnachtsgruss.png 1772w\" sizes=\"auto, (max-width: 416px) 100vw, 416px\" \/><figcaption><em>Weihnachtsgru\u00df (Weihnachtsmann mit Hase), 1932<\/em><br>Aquarell u. Kohle auf Papier, 11,8 x 8,9 cm, Privatbesitz<\/figcaption><\/figure><\/div>\n<\/div>\n\n\n\n<div class=\"wp-block-column is-layout-flow wp-block-column-is-layout-flow\">\n<p class=\"has-drop-cap block has-medium-font-size\">Zum \u0152uvre Niko W\u00f6hlks geh\u00f6rt auch eine Reihe von humoristischen Papierarbeiten, darunter einige Weihnachtsgr\u00fc\u00dfe an Freunde. Mit wenigen Kohlestrichen umriss der K\u00fcnstler das Motiv und kolorierte es mit Aquarell.<\/p>\n<\/div>\n<\/div>\n\n\n\n<div class=\"wp-block-columns is-layout-flex wp-container-core-columns-is-layout-9d6595d7 wp-block-columns-is-layout-flex\">\n<div class=\"wp-block-column is-layout-flow wp-block-column-is-layout-flow\">\n<p class=\"has-drop-cap block has-medium-font-size\">In den 1930er-Jahren ver\u00e4nderte der K\u00fcnstler seine Maltechnik. Er experimentierte mit dem Einsatz von \u00d6l- und Temperafarben innerhalb eines Bildes, die er in mehreren Lagen \u00fcbereinander auftrug. Einige Farbpartien wirken daher pastos, andere lasierend. Parallel zu dieser technischen Neuerung entwickelte er eine naturgetreuere Erfassung seiner Motive. Dennoch bestimmt ein einfacher Aufbau aus weitgehend monochromen Farbfl\u00e4chen vor dunklem Hintergrund auch dieses Gem\u00e4lde.<\/p>\n<\/div>\n\n\n\n<div class=\"wp-block-column is-layout-flow wp-block-column-is-layout-flow\">\n<div class=\"wp-block-image\"><figure class=\"aligncenter size-large is-resized\"><img loading=\"lazy\" decoding=\"async\" src=\"https:\/\/www.nikowoehlk.dk\/wp-content\/uploads\/2020\/11\/zweilesendeknaben-1024x1018.png\" alt=\"Zwei lesende Knaben, 1935, Mischtechnik auf Leinwand, 63,7 x 64 cm, bez. u. m.: NW, betitelt und datiert verso auf dem Keilrahmen\" class=\"wp-image-52\" width=\"512\" height=\"509\" srcset=\"https:\/\/www.nikowoehlk.dk\/wp-content\/uploads\/2020\/11\/zweilesendeknaben-1024x1018.png 1024w, https:\/\/www.nikowoehlk.dk\/wp-content\/uploads\/2020\/11\/zweilesendeknaben-300x298.png 300w, https:\/\/www.nikowoehlk.dk\/wp-content\/uploads\/2020\/11\/zweilesendeknaben-150x150.png 150w, https:\/\/www.nikowoehlk.dk\/wp-content\/uploads\/2020\/11\/zweilesendeknaben-768x764.png 768w, https:\/\/www.nikowoehlk.dk\/wp-content\/uploads\/2020\/11\/zweilesendeknaben-1536x1527.png 1536w, https:\/\/www.nikowoehlk.dk\/wp-content\/uploads\/2020\/11\/zweilesendeknaben-60x60.png 60w, https:\/\/www.nikowoehlk.dk\/wp-content\/uploads\/2020\/11\/zweilesendeknaben.png 1890w\" sizes=\"auto, (max-width: 512px) 100vw, 512px\" \/><figcaption><em>Zwei lesende Knaben, 1935<\/em><br>Mischtechnik auf Leinwand, 63,7 x 64 cm, Privatbesitz<\/figcaption><\/figure><\/div>\n<\/div>\n<\/div>\n\n\n\n<div class=\"wp-block-columns is-layout-flex wp-container-core-columns-is-layout-9d6595d7 wp-block-columns-is-layout-flex\">\n<div class=\"wp-block-column is-layout-flow wp-block-column-is-layout-flow\">\n<p class=\"has-drop-cap block has-medium-font-size\">Im Internierungslager nach dem Zweiten Weltkrieg entstand eine Reihe von Herrenportr\u00e4ts auf Papier. Viele davon befinden sich im Nachlass der jeweils Portr\u00e4tierten. Auffallend ist die sich \u00e4hnelnde Herangehensweise des K\u00fcnstler an diese Portr\u00e4ts: Es sind stets Kopfportr\u00e4ts vor leicht br\u00e4unlich get\u00f6ntem Hintergrund. Der Kopf ist mit dunklen Strichen skizziert und mit wenigen Farben (Haare, Augen, Mund, Wangen, manchmal \u2013 wie hier \u2013 im Hintergrund) get\u00f6nt. Mit feinen Schraffuren arbeitete Niko W\u00f6hlk naturnah die Physiognomie seines Gegen\u00fcbers heraus.<\/p>\n<\/div>\n\n\n\n<div class=\"wp-block-column is-layout-flow wp-block-column-is-layout-flow\">\n<div class=\"wp-block-image\"><figure class=\"aligncenter size-large is-resized\"><img loading=\"lazy\" decoding=\"async\" src=\"https:\/\/www.nikowoehlk.dk\/wp-content\/uploads\/2020\/11\/herrenportrait-825x1024.png\" alt=\"Herrenportr\u00e4t, 1945, Tempera auf Papier, 31,8 x 25,7, bez. u. r.: 19.7.45 Niko, Privatbesitz\" class=\"wp-image-33\" width=\"413\" height=\"512\" srcset=\"https:\/\/www.nikowoehlk.dk\/wp-content\/uploads\/2020\/11\/herrenportrait-825x1024.png 825w, https:\/\/www.nikowoehlk.dk\/wp-content\/uploads\/2020\/11\/herrenportrait-242x300.png 242w, https:\/\/www.nikowoehlk.dk\/wp-content\/uploads\/2020\/11\/herrenportrait-768x953.png 768w, https:\/\/www.nikowoehlk.dk\/wp-content\/uploads\/2020\/11\/herrenportrait-1238x1536.png 1238w, https:\/\/www.nikowoehlk.dk\/wp-content\/uploads\/2020\/11\/herrenportrait-1651x2048.png 1651w, https:\/\/www.nikowoehlk.dk\/wp-content\/uploads\/2020\/11\/herrenportrait-48x60.png 48w, https:\/\/www.nikowoehlk.dk\/wp-content\/uploads\/2020\/11\/herrenportrait.png 1654w\" sizes=\"auto, (max-width: 413px) 100vw, 413px\" \/><figcaption><em>Herrenportr\u00e4t, 1945<\/em><br>Tempera auf Papier, 31,8 x 25,7, Privatbesitz<\/figcaption><\/figure><\/div>\n<\/div>\n<\/div>\n\n\n\n<div class=\"wp-block-columns is-layout-flex wp-container-core-columns-is-layout-9d6595d7 wp-block-columns-is-layout-flex\">\n<div class=\"wp-block-column is-layout-flow wp-block-column-is-layout-flow\">\n<div class=\"wp-block-image\"><figure class=\"aligncenter size-large is-resized\"><img loading=\"lazy\" decoding=\"async\" src=\"https:\/\/www.nikowoehlk.dk\/wp-content\/uploads\/2020\/11\/steilkuesteotterkjaer-1024x676.png\" alt=\"Steilk\u00fcste (Otterkjaer), 1945, Tempera auf Karton, 37 x 58 cm, bez. u. r.: Niko W\u00f6hlk 45, Privatbesitz\" class=\"wp-image-46\" width=\"512\" height=\"338\" srcset=\"https:\/\/www.nikowoehlk.dk\/wp-content\/uploads\/2020\/11\/steilkuesteotterkjaer-1024x676.png 1024w, https:\/\/www.nikowoehlk.dk\/wp-content\/uploads\/2020\/11\/steilkuesteotterkjaer-300x198.png 300w, https:\/\/www.nikowoehlk.dk\/wp-content\/uploads\/2020\/11\/steilkuesteotterkjaer-768x507.png 768w, https:\/\/www.nikowoehlk.dk\/wp-content\/uploads\/2020\/11\/steilkuesteotterkjaer-1536x1014.png 1536w, https:\/\/www.nikowoehlk.dk\/wp-content\/uploads\/2020\/11\/steilkuesteotterkjaer-2048x1353.png 2048w, https:\/\/www.nikowoehlk.dk\/wp-content\/uploads\/2020\/11\/steilkuesteotterkjaer-91x60.png 91w\" sizes=\"auto, (max-width: 512px) 100vw, 512px\" \/><figcaption><em>Steilk\u00fcste (Otterkjaer), 1945<\/em><br>Tempera auf Karton, 37 x 58 cm, Privatbesitz<\/figcaption><\/figure><\/div>\n<\/div>\n\n\n\n<div class=\"wp-block-column is-layout-flow wp-block-column-is-layout-flow\">\n<p class=\"has-drop-cap block has-medium-font-size\">Die Landschaftsbilder dieser sp\u00e4ten Zeit sind deutlich naturn\u00e4her. Der mal fl\u00e4chig, mal linear gef\u00fchrte Pinsel sorgt f\u00fcr eine Hervorhebung einzelner Details, wie etwa einzelner \u00c4sten und Gr\u00e4sern. Die Farbpalette ist fein abgestuft, insgesamt aber deutlich zur\u00fcckhaltender und matter als in den Bildern der fr\u00fcheren Schaffensphasen.<\/p>\n<\/div>\n<\/div>\n\n\n\n<div class=\"wp-block-columns is-layout-flex wp-container-core-columns-is-layout-9d6595d7 wp-block-columns-is-layout-flex\">\n<div class=\"wp-block-column is-layout-flow wp-block-column-is-layout-flow\">\n<div class=\"wp-block-image\"><figure class=\"aligncenter size-large is-resized\"><img loading=\"lazy\" decoding=\"async\" src=\"https:\/\/www.nikowoehlk.dk\/wp-content\/uploads\/2020\/11\/abendlandschaftmitgrossembaum-1024x992.png\" alt=\"Abendlandschaft mit gro\u00dfem Baum, 1948 oder 1949, \u00d6l auf Leinwand, 65,4 x 70 cm, verso vom Nachlass bez. u. (unleserlich) datiert, Privatbesitz\" class=\"wp-image-27\" width=\"512\" height=\"496\" srcset=\"https:\/\/www.nikowoehlk.dk\/wp-content\/uploads\/2020\/11\/abendlandschaftmitgrossembaum-1024x992.png 1024w, https:\/\/www.nikowoehlk.dk\/wp-content\/uploads\/2020\/11\/abendlandschaftmitgrossembaum-300x291.png 300w, https:\/\/www.nikowoehlk.dk\/wp-content\/uploads\/2020\/11\/abendlandschaftmitgrossembaum-768x744.png 768w, https:\/\/www.nikowoehlk.dk\/wp-content\/uploads\/2020\/11\/abendlandschaftmitgrossembaum-1536x1488.png 1536w, https:\/\/www.nikowoehlk.dk\/wp-content\/uploads\/2020\/11\/abendlandschaftmitgrossembaum-62x60.png 62w, https:\/\/www.nikowoehlk.dk\/wp-content\/uploads\/2020\/11\/abendlandschaftmitgrossembaum.png 1890w\" sizes=\"auto, (max-width: 512px) 100vw, 512px\" \/><figcaption><em>Abendlandschaft mit gro\u00dfem Baum, 1948 oder 1949<\/em><br>\u00d6l auf Leinwand, 65,4 x 70 cm, Privatbesitz<\/figcaption><\/figure><\/div>\n<\/div>\n\n\n\n<div class=\"wp-block-column is-layout-flow wp-block-column-is-layout-flow\">\n<p class=\"has-drop-cap block has-medium-font-size\">Die sp\u00e4te Abendlandschaft zeigt den auch in der \u00d6lmalerei ver\u00e4nderten Duktus. Zwar sind die einzelnen Striche teilweise noch erkennbar, doch gegen\u00fcber den fr\u00fcheren Werkphasen stark zur\u00fcckgenommen. Auf eine Umrisslinie wurde verzichtet; die Motive gehen mit oftmals weichen \u00dcberg\u00e4ngen und nur durch ihre unterschiedliche Farbigkeit sich voneinander abhebend ineinander \u00fcber. Innerhalb der Motive \u2013 etwa hier bei der Darstellung des Feldes und des Baums \u2013 wurde mit changierenden Farbnuancen gearbeitet; in vielen Bildern auch mittels des Einsatzes von \u00d6l und Tempera. Der Fokus lag nun offensichtlich auf einer stimmungsvollen, lyrischen Erfassung der (h\u00e4ufig landschaftlichen) Motive.<\/p>\n<\/div>\n<\/div>\n\n\n\n<p><\/p>\n","protected":false},"excerpt":{"rendered":"<p>In diesem fr\u00fchen Gem\u00e4lde legte der 24-j\u00e4hrige Maler den Fokus auf die atmosph\u00e4rische Stimmung im lichten Wald. Die Gr\u00fcn-, Braun-, Ocker- und Blaut\u00f6ne wurden in postimpressionistischer Manier mit unregelm\u00e4\u00dfigen Pinselstrichen und \u2013tupfern aufgetragen. Das M\u00e4dchen ist als Staffagefigur eingef\u00fcgt und ebenso summarisch behandelt wie die B\u00e4ume und der Bodenbewuchs. Das Augenmerk liegt auf den hellen &hellip; <\/p>\n","protected":false},"author":1,"featured_media":0,"parent":0,"menu_order":0,"comment_status":"closed","ping_status":"closed","template":"","meta":{"footnotes":""},"class_list":["post-110","page","type-page","status-publish","hentry"],"translation":{"provider":"WPGlobus","version":"3.0.2","language":"de","enabled_languages":["da","de"],"languages":{"da":{"title":true,"content":true,"excerpt":false},"de":{"title":true,"content":true,"excerpt":false}}},"_links":{"self":[{"href":"https:\/\/www.nikowoehlk.dk\/de\/wp-json\/wp\/v2\/pages\/110","targetHints":{"allow":["GET"]}}],"collection":[{"href":"https:\/\/www.nikowoehlk.dk\/de\/wp-json\/wp\/v2\/pages"}],"about":[{"href":"https:\/\/www.nikowoehlk.dk\/de\/wp-json\/wp\/v2\/types\/page"}],"author":[{"embeddable":true,"href":"https:\/\/www.nikowoehlk.dk\/de\/wp-json\/wp\/v2\/users\/1"}],"replies":[{"embeddable":true,"href":"https:\/\/www.nikowoehlk.dk\/de\/wp-json\/wp\/v2\/comments?post=110"}],"version-history":[{"count":81,"href":"https:\/\/www.nikowoehlk.dk\/de\/wp-json\/wp\/v2\/pages\/110\/revisions"}],"predecessor-version":[{"id":718,"href":"https:\/\/www.nikowoehlk.dk\/de\/wp-json\/wp\/v2\/pages\/110\/revisions\/718"}],"wp:attachment":[{"href":"https:\/\/www.nikowoehlk.dk\/de\/wp-json\/wp\/v2\/media?parent=110"}],"curies":[{"name":"wp","href":"https:\/\/api.w.org\/{rel}","templated":true}]}}